{"id":124,"date":"2025-04-12T16:40:13","date_gmt":"2025-04-12T13:40:13","guid":{"rendered":"http:\/\/kaletepe.net\/?page_id=124"},"modified":"2025-04-12T16:40:13","modified_gmt":"2025-04-12T13:40:13","slug":"anilar","status":"publish","type":"page","link":"https:\/\/kaletepe.net\/?page_id=124","title":{"rendered":"An\u0131lar"},"content":{"rendered":"\n<h2 class=\"wp-block-heading\"><strong>NEB\u0130\u2019N\u0130N YATIRI<\/strong><\/h2>\n\n\n\n<p>Allah rahmet eylesin Nebi day\u0131 k\u00f6yde 15-20&nbsp; ya\u015f\u0131n \u00fczerideki herkesin bildi\u011fi \u015fakac\u0131 bir hem\u015fehrimizdi. Evi de&nbsp; k\u00f6y\u00fcn kuzeyinde \u00e7amseriye giden yolun solundad\u0131r. G\u00fcnlerden bir g\u00fcn evinin alt\u0131nda, k\u00f6y\u00fcn ta\u015f\u0131tla giri\u015finde bulunan ve bir heykeli and\u0131ran dikili ta\u015f\u0131n yak\u0131n\u0131nda bulunurken bir yabanc\u0131 gelir.&nbsp; Rahmetli Nebi day\u0131 ile aralar\u0131nda \u015fu diyalo\u011f ge\u00e7er:&nbsp;<\/p>\n\n\n\n<p><strong>Yabanc\u0131:<\/strong>&nbsp;Day\u0131 bu (dikili ta\u015f\u0131 soruyor) nedir?<\/p>\n\n\n\n<p><strong>Nebi day\u0131<\/strong>: Bu Nebi\u2019nin yat\u0131r\u0131d\u0131r, diye cevap verir.<\/p>\n\n\n\n<p>&nbsp;Bu cevap \u00fczerine yabanc\u0131 hemen dua etmeye koyulur.<\/p>\n\n\n\n<p>Bu olay\u0131n hem\u015ferilerimiz aras\u0131nda yay\u0131lmas\u0131ndan sonra, bu dikili ta\u015f\u0131 g\u00f6renler hep bu olay\u0131 hat\u0131rlamaktad\u0131rlar. Bu vesile ile \u201cNebi\u2019m Allah yakar\u201d s\u00f6zlerinin sahibi Nebi day\u0131y\u0131 da&nbsp; tabi. Z.\u00d6.<\/p>\n\n\n\n<p>&#8212;&#8212;&#8212;&#8212;-<\/p>\n\n\n\n<p><strong>\u0130LK OKULLULARIMIZ<\/strong><\/p>\n\n\n\n<p>Sayg\u0131 De\u011fer Day\u0131 O\u011fullar\u0131 ve Sevgili Ye\u011fenlerim,<\/p>\n\n\n\n<p>&nbsp;&nbsp;&nbsp;&nbsp;&nbsp;&nbsp; K\u00f6y\u00fcm\u00fcze y\u00f6nelik b\u00f6yle bir site kurman\u0131zdan dolay\u0131 \u015fahs\u0131m ad\u0131na size \u00e7ok \u00e7ok te\u015fekk\u00fcr ederim.&nbsp; Sa\u011f olun, var olun.&nbsp;<\/p>\n\n\n\n<p>&nbsp;&nbsp;&nbsp;&nbsp;&nbsp;&nbsp; Mutluyum neden?<\/p>\n\n\n\n<p>&nbsp;&nbsp;&nbsp;&nbsp;&nbsp;&nbsp; Sizleri y\u0131llar \u00f6ncesine g\u00f6t\u00fcrmek istiyorum. &nbsp;<\/p>\n\n\n\n<p>&nbsp;&nbsp;&nbsp;&nbsp;&nbsp; Y\u0131l 1956. K\u00f6yde okul yok, haliyle okuma oran\u0131 da yok denecek kadar az.&nbsp; Varsa da bilenler belki kendi imk\u00e2nlar\u0131yla belki de askerde okuma yazmay\u0131 \u00f6\u011frenmi\u015ftir.<\/p>\n\n\n\n<p>Ne ac\u0131d\u0131r de\u011fil mi?<\/p>\n\n\n\n<p>&nbsp;&nbsp;&nbsp;&nbsp;&nbsp;&nbsp; Sebebi ise; o y\u0131llarda veya daha \u00f6nceki y\u0131llarda k\u00f6y muhtar\u0131 olan amcam ve kay\u0131npederim rahmetli Hac\u0131 Salih YILMAZ, k\u00f6ye ilkokul a\u00e7\u0131lmas\u0131 i\u00e7in b\u00fct\u00fcn gayretini sarf ediyor, ilgililerden de s\u00f6z\u00fcn\u00fc al\u0131yor, ne var ki k\u00f6y halk\u0131ndan baz\u0131lar\u0131 gelecek \u00f6\u011fretmenin ba\u015f\u0131n\u0131n a\u00e7\u0131k olaca\u011f\u0131 ve gelinlere k\u0131zlara bakaca\u011f\u0131 var say\u0131m\u0131ndan hareketle b\u00f6yle bir g\u00fczelli\u011fe m\u00fcsaade etmiyorlar.&nbsp; Tabi\u00ee ki k\u00f6y\u00fcn birlikteli\u011fi ile i\u015fler yap\u0131laca\u011f\u0131ndan yap\u0131lan te\u015febb\u00fcs akim kal\u0131yor. Bu durumda da yukar\u0131da belirtmi\u015f oldu\u011fum okuma oran\u0131 yok denecek kadar az oluyor.&nbsp;<\/p>\n\n\n\n<p>&nbsp;&nbsp;&nbsp;&nbsp;&nbsp;&nbsp; Oysa, etraf k\u00f6ylerde ilkokul zaman\u0131nda a\u00e7\u0131ld\u0131\u011f\u0131 i\u00e7in, okuma oran\u0131 hayli fazla oldu\u011fu gibi y\u00fcksek tahsil yapm\u0131\u015f ve de belirli yerlerde g\u00f6rev alm\u0131\u015f insanlar\u0131 g\u00f6r\u00fcyoruz.&nbsp; \u00d6rne\u011fin G\u00fcnyayla K\u00f6y\u00fcnden Prof. Mustafa Akda\u011f, K\u00fclek\u00e7i K\u00f6y\u00fcnden astsubaylar, Tapu Teknisyeni ve teknikerleri vs.<\/p>\n\n\n\n<p>&nbsp;&nbsp;&nbsp;&nbsp;&nbsp; &nbsp;&nbsp;&nbsp;&nbsp;&nbsp;&nbsp; Hal b\u00f6yle olunca, ufku a\u00e7\u0131k ileri g\u00f6r\u00fc\u015f sahibi olan ba\u015fta rahmetli Mehmet Ali Day\u0131 Nail A\u011fabeyi, Dedem H\u00fcseyin amcam H\u00fcseyin&#8217;i, babam bendenizi amcam Salih Asaleti, Mahmut Amca (Mahmut Filiz) Mehmet Filiz&#8217;i okutmak i\u00e7in K\u00fclek\u00e7i K\u00f6y\u00fcne g\u00f6nderiyorlar ve bizler burada okumaya ba\u015flay\u0131nca, ikinci \u00fc\u00e7\u00fcnc\u00fc s\u0131n\u0131ftan sonra okuman\u0131n \u00f6nemini kavrayan vatanda\u015flar da ad\u0131 ge\u00e7en k\u00f6y ilkokuluna \u00e7ocuklar\u0131n\u0131 yazd\u0131rd\u0131lar. Bunlar da, \u00d6mer Ata, Hac\u0131 \u00c7akmak, H.Ali Demir, Yahya \u00d6zer, Hakk\u0131 \u015eahin, Evsal Karadavut, \u0130smail Karadavut, Adem Kayg\u0131s\u0131z vd.<\/p>\n\n\n\n<p>&nbsp;&nbsp;&nbsp;&nbsp;&nbsp;&nbsp; Nail \u00d6zer, H\u00fcseyin Y\u0131lmaz, Mehmet Filiz, ben, Asalet ve \u00d6mer Ata K\u00fclek\u00e7i K\u00f6y\u00fc \u0130lkokulundan mezun olduk ve 1959-60 y\u0131llar\u0131nda yanl\u0131\u015f hat\u0131rlam\u0131yorsam k\u00f6y\u00fcm\u00fcze ilkokul a\u00e7\u0131ld\u0131\u011f\u0131ndan, di\u011fer arkada\u015flar da nakillerini k\u00f6y\u00fcm\u00fcze ald\u0131rd\u0131lar ve buradan mezun oldular.&nbsp; B\u00f6ylece okuma oran\u0131 gittik\u00e7e artmaya ba\u015flad\u0131.<\/p>\n\n\n\n<p>&nbsp;&nbsp;&nbsp;&nbsp;&nbsp;&nbsp; Ama Ortaokula giden Mehmet Filiz, yine ben, Asalet ve \u00d6mer Ata olduk.&nbsp; Asalet ayr\u0131ld\u0131, di\u011fer \u00fc\u00e7\u00fcm\u00fcz ortaokulu bitirdik.&nbsp; Mehmet Filiz \u00d6\u011fretmen Okuluna, \u00d6mer Ata Almanya&#8217;ya gitti, ben de Ankara&#8217;ya geldim. \u0130lk memur Mehmet Filiz, ikinci memur bendeniz oldum.&nbsp; Y\u0131llar bir birini kovalad\u0131 \u0130lk \u00fcniversite mezunu yine Mehmet Filiz ve bendeniz olduk.&nbsp; Okuma yine reva\u00e7ta de\u011fil.&nbsp; Y\u0131llar y\u0131llar\u0131 kovalad\u0131 Allah&#8217;a hamd olsun gittik\u00e7e okuma oran\u0131 y\u00fckseldi i\u015fte sitede \u00dcniversite Mezunlar\u0131m\u0131z ve Meslekli Hem\u015fehrilerimiz&nbsp; sahifelerinde ki canlar \u00e7o\u011fald\u0131. Kimi do\u00e7ent, kimi m\u00fcfetti\u015f, kimi mimar, kimi diplomat, kimi e\u011fitimci, kimi g\u00fcvenlik\u00e7i, kimi in\u015faat\u00e7\u0131 kimi sa\u011fl\u0131k\u00e7\u0131 olarak kar\u015f\u0131m\u0131za \u00e7\u0131kt\u0131lar.&nbsp; Ne olurdu bu unvanlar y\u0131llar \u00f6nce olsayd\u0131 da k\u00f6y\u00fcm halk\u0131 uzunca cahil kalmasayd\u0131? Ne olurdu de\u011ferli b\u00fcy\u00fcklerimiz baz\u0131 saplant\u0131lar i\u00e7erisinde olmasayd\u0131? Bilindi\u011fi gibi her t\u00fcrl\u00fc k\u00f6t\u00fcl\u00fck cahillikten gelmektedir.<\/p>\n\n\n\n<p>&nbsp;&nbsp;&nbsp;&nbsp;&nbsp;&nbsp; De\u011ferli dostlar burada bir olay\u0131 da anlatarak s\u00f6zlerime son verece\u011fim.<\/p>\n\n\n\n<p>&nbsp;&nbsp;&nbsp;&nbsp;&nbsp;&nbsp; Bilindi\u011fi \u00fczere Vak\u0131flar Genel M\u00fcd\u00fcrl\u00fc\u011f\u00fcnde uzun y\u0131llardan beri \u00e7al\u0131\u015fmaktay\u0131m. 1980&#8217;li y\u0131llarda her y\u0131l Vak\u0131f Orta \u00d6\u011frenim \u00d6\u011frenci Yurduna \u00f6\u011frenci al\u0131nmas\u0131 i\u00e7in her ilde imtihanlar a\u00e7\u0131l\u0131rd\u0131.&nbsp; Ben de her y\u0131l Yozgat&#8217;a giderdim ki k\u00f6y\u00fcmden birileri m\u00fcracaat ederse imtihanda kazand\u0131ray\u0131m da okusun diye. Ne hazindir ki hi\u00e7 kimse gelmezdi.&nbsp; Hatta her ders y\u0131l\u0131 okulumuz ilkokul M\u00fcd\u00fcrl\u00fc\u011f\u00fcne s\u0131nav tarihlerini bizzat g\u00f6ndererek m\u00fcracaat edenler olsun diye beklerdim.&nbsp; Heyhat hi\u00e7 kimse m\u00fcracaat etmedi\u011finden etraf k\u00f6ylerden gelen \u00e7ocuklar\u0131 kazand\u0131rarak okumalar\u0131n\u0131 sa\u011flad\u0131m.&nbsp; Kimi avukat \u00e7\u0131kt\u0131 kimi bilmem ne.&nbsp; Neyse k\u00f6pr\u00fcn\u00fcn alt\u0131ndan \u00e7ok sular ge\u00e7ti.&nbsp; Elhamd\u00fclillah okuyan\u0131m\u0131z ve o \u00f6l\u00e7\u00fcde de devletin de\u011fi\u015fik kademelerinde insanlar\u0131m\u0131z var art\u0131k.&nbsp; Ge\u00e7te olsa bu mutluluk ho\u015ftur.&nbsp;<\/p>\n\n\n\n<p>&nbsp;&nbsp;&nbsp;&nbsp;&nbsp;&nbsp; \u0130\u015fte anlatm\u0131\u015f oldu\u011fum nedenlerden dolay\u0131, sizlerin yapm\u0131\u015f oldu\u011funuz hizmete candan te\u015fekk\u00fcr etmek i\u00e7in bu k\u0131sa yaz\u0131y\u0131 yazma ihtiyac\u0131 duydum. Ge\u00e7 oldu ama bildi\u011finiz gibi yo\u011fun g\u00f6rev nedeniyle zaman bulmada zorlan\u0131yorum.<\/p>\n\n\n\n<p>&nbsp;&nbsp;&nbsp;&nbsp;&nbsp;&nbsp; Bu vesileyle de gerek yurt d\u0131\u015f\u0131ndaki gerekse g\u00fczel yurdumda ki b\u00fct\u00fcn hem\u015ferilerime sevgi ve muhabbetlerimi sunuyorum.<\/p>\n\n\n\n<p>&nbsp;Sayg\u0131lar\u0131mla, Be\u015fir YILMAZ\/Vak\u0131flar Genel M\u00fcd\u00fcrl\u00fc\u011f\u00fc\/Ba\u015fm\u00fcfetti\u015fi<\/p>\n\n\n\n<p><strong>DEDE ARDICI<\/strong><\/p>\n\n\n\n<p>Ba\u015fka derdin yok mu diyenlerimiz olursa \u00e7ok \u00fcz\u00fcl\u00fcr\u00fcm. Biliyorsunuz Dede Ard\u0131c\u0131n\u0131 hain eller yakt\u0131 Ke\u015fke yanan sadece ard\u0131\u00e7 olsayd\u0131. Gurbette b\u00fcy\u00fcyen gen\u00e7lerimiz bilmezler. O ard\u0131c\u0131n \u00f6tesi gurbetti ard\u0131c\u0131 k\u00f6y istikametinde gelirsen \u00f6zlem biter, anaya kavu\u015fursun&#8230;O ard\u0131\u00e7 k\u00f6y\u00fcn ni\u015fan\u0131yd\u0131, tipide yolunu kaybedersen o ard\u0131\u00e7 pusulayd\u0131, k\u00f6yl\u00fcm\u00fcz kurulal\u0131 o ard\u0131\u00e7 oraya ad\u0131n\u0131 vermi\u015fti. O ard\u0131\u00e7 k\u00fcl olsa da, oras\u0131 Dede Ard\u0131c\u0131n\u0131n oldu\u011fu yerdir. K\u00f6y\u00fcm\u00fcze ilk yol makinesi geldi\u011finde yola mani oluyor bahanesiyle, k\u00f6y\u00fcn tam ortas\u0131nda ulu bir armut a\u011fac\u0131 (Hacelinin armudu) vard\u0131 onu devirdiler. Misafirler, sat\u0131c\u0131lar, dilenciler has\u0131l\u0131 bizler g\u00f6lgesinde oturur sohbet ederdik, meyvesini yerdik&#8230;30 y\u0131ld\u0131r o a\u011fa\u00e7 olmasa da oraya biz Hacelinin armudunun yeri deriz. &nbsp;Sevgili dostlar Dede Ard\u0131c\u0131n\u0131 yeniden dikemezmiyiz ? Biliyorum yanan ard\u0131\u00e7 hepimize ac\u0131 vermi\u015ftir. Herkesin orda an\u0131lar\u0131 sakl\u0131d\u0131r. O ard\u0131\u00e7 \u00e7ok \u015feye \u015fahit olmu\u015ftur. Bu konuda yazmam gereken \u00e7ok \u015fey var ama inan\u0131n bo\u011faz\u0131mda bir \u015feyler d\u00fc\u011f\u00fcmlendi&#8230; Bir \u00f6nerisi olan varsa l\u00fctfen bilmek isterim. Benli\u011fimize yerle\u015fmi\u015f b\u00f6yle ni\u015fanlar\u0131n birer birer yok olmas\u0131na izin vermeyelim. Her \u015fey g\u00f6nl\u00fcn\u00fczce olsun sevgili hem\u015ferilerim. &nbsp; &nbsp; &nbsp;<\/p>\n\n\n\n<p><em>Zekeriya \u00dcnal<\/em><\/p>\n","protected":false},"excerpt":{"rendered":"<p>NEB\u0130\u2019N\u0130N YATIRI Allah rahmet eylesin Nebi day\u0131 k\u00f6yde 15-20&nbsp; ya\u015f\u0131n \u00fczerideki herkesin bildi\u011fi \u015fakac\u0131 bir hem\u015fehrimizdi. Evi de&nbsp; k\u00f6y\u00fcn kuzeyinde \u00e7amseriye giden yolun solundad\u0131r. G\u00fcnlerden bir g\u00fcn evinin alt\u0131nda, k\u00f6y\u00fcn&hellip;<\/p>\n","protected":false},"author":1,"featured_media":0,"parent":0,"menu_order":0,"comment_status":"closed","ping_status":"closed","template":"","meta":{"footnotes":""},"class_list":["post-124","page","type-page","status-publish","hentry"],"_links":{"self":[{"href":"https:\/\/kaletepe.net\/index.php?rest_route=\/wp\/v2\/pages\/124","targetHints":{"allow":["GET"]}}],"collection":[{"href":"https:\/\/kaletepe.net\/index.php?rest_route=\/wp\/v2\/pages"}],"about":[{"href":"https:\/\/kaletepe.net\/index.php?rest_route=\/wp\/v2\/types\/page"}],"author":[{"embeddable":true,"href":"https:\/\/kaletepe.net\/index.php?rest_route=\/wp\/v2\/users\/1"}],"replies":[{"embeddable":true,"href":"https:\/\/kaletepe.net\/index.php?rest_route=%2Fwp%2Fv2%2Fcomments&post=124"}],"version-history":[{"count":1,"href":"https:\/\/kaletepe.net\/index.php?rest_route=\/wp\/v2\/pages\/124\/revisions"}],"predecessor-version":[{"id":125,"href":"https:\/\/kaletepe.net\/index.php?rest_route=\/wp\/v2\/pages\/124\/revisions\/125"}],"wp:attachment":[{"href":"https:\/\/kaletepe.net\/index.php?rest_route=%2Fwp%2Fv2%2Fmedia&parent=124"}],"curies":[{"name":"wp","href":"https:\/\/api.w.org\/{rel}","templated":true}]}}